{"id":3,"date":"2023-12-02T13:12:49","date_gmt":"2023-12-02T12:12:49","guid":{"rendered":"https:\/\/ismerosok.hu\/?page_id=3"},"modified":"2025-12-11T06:46:59","modified_gmt":"2025-12-11T05:46:59","slug":"adatkezelesi-tajekoztato","status":"publish","type":"page","link":"https:\/\/kozossegioldalam.hu\/hu\/adatkezelesi-tajekoztato\/","title":{"rendered":"Adatv\u00e9delmi szab\u00e1lyzat"},"content":{"rendered":"<p><strong>Mi az az Adatv\u00e9delmi szab\u00e1lyzat, \u00e9s mivel foglalkozik?<\/strong><\/p>\n\n\n\n<p>Az Adatv\u00e9delmi szab\u00e1lyzatban elmagyar\u00e1zzuk, hogyan gy\u0171jtj\u00fck, haszn\u00e1ljuk fel, osztjuk meg, \u0151rizz\u00fck meg \u00e9s tov\u00e1bb\u00edtjuk az adatokat. Ismertetj\u00fck tov\u00e1bb\u00e1 a t\u00e9ged megillet\u0151 jogokat is. A szab\u00e1lyzat minden szakasza hasznos p\u00e9ld\u00e1kkal \u00e9s egyszer\u0171 nyelvezettel teszi \u00e9rthet\u0151bb\u00e9 gyakorlatunkat. Emellett hivatkoz\u00e1sokkal is szolg\u00e1lunk olyan forr\u00e1sokra, amelyekb\u0151l b\u0151vebb inform\u00e1ci\u00f3t kaphatsz a t\u00e9ged \u00e9rdekl\u0151 adatv\u00e9delmi t\u00e9m\u00e1kr\u00f3l.<\/p>\n\n\n\n<p>Az kozossegioldalam.hu-n\u00e1l szeretn\u00e9nk, ha tudn\u00e1, milyen adatokat gy\u0171jt\u00fcnk, hogyan haszn\u00e1ljuk \u00e9s osztjuk meg azokat. Ez\u00e9rt javasoljuk, hogy olvassa el adatv\u00e9delmi szab\u00e1lyzatunkat. \u00cdgy \u00d6n az \u00d6nnek megfelel\u0151 m\u00f3don haszn\u00e1lhatja platformunkat.<\/p>\n\n\n\n<p>Az Adatv\u00e9delmi szab\u00e1lyzatban ismertetj\u00fck, hogyan gy\u0171jtj\u00fck, haszn\u00e1ljuk, osztjuk meg, t\u00e1roljuk \u00e9s tov\u00e1bb\u00edtjuk az adatokat. Emellett felv\u00e1zoljuk az \u00d6n jogait is. A szab\u00e1lyzat minden egyes szakasz\u00e1t gyakorlati p\u00e9ld\u00e1kkal \u00e9s egyszer\u0171 nyelvezettel gazdag\u00edtottuk, hogy gyakorlatunkat \u00e9rthet\u0151bb\u00e9 tegy\u00fck. Emellett hivatkoz\u00e1sokat adunk meg olyan forr\u00e1sokra, ahol tov\u00e1bbi inform\u00e1ci\u00f3kat tal\u00e1lhat az \u00d6nt \u00e9rdekl\u0151 adatv\u00e9delmi t\u00e9m\u00e1kr\u00f3l.<\/p>\n\n\n\n<p>Fontos sz\u00e1munkra, hogy tudd, hogyan tarthatod k\u00e9zben az adataid v\u00e9delm\u00e9t, ez\u00e9rt azt is megmutatjuk neked, hol kezelheted az adataidat az kozossegioldalam.hu \u00e1ltalad haszn\u00e1lt term\u00e9keinek be\u00e1ll\u00edt\u00e1sai k\u00f6z\u00f6tt. Az \u00e1ltalad tapasztalt \u00e9lm\u00e9ny form\u00e1l\u00e1s\u00e1hoz.<\/p>\n\n\n\n<p><strong>Milyen jelleg\u0171 adatokat gy\u0171jt\u00fcnk?<\/strong><\/p>\n\n\n\n<p>A r\u00f3lad gy\u0171jt\u00f6tt \u00e9s veled kapcsolatban kezelt adatok k\u00f6re att\u00f3l f\u00fcgg, hogyan haszn\u00e1lod kozossegioldalam.hu oldalt. M\u00e1s adatokat gy\u0171jt\u00fcnk p\u00e9ld\u00e1ul, ha b\u00fatort \u00e1rulsz, mint ha k\u00f6zz\u00e9teszel egy Reels-vide\u00f3t az id\u0151vonalon. N\u00e9h\u00e1ny adatot akkor is gy\u0171jt\u00fcnk r\u00f3lad term\u00e9keink haszn\u00e1lata sor\u00e1n.<\/p>\n\n\n\n<p><strong>Hogyan haszn\u00e1ljuk fel az adataidat?<\/strong><\/p>\n\n\n\n<p>Felhaszn\u00e1ljuk arra a c\u00e9lra, hogy szem\u00e9lyre szabott \u00e9lm\u00e9nyt ny\u00fajtsunk a sz\u00e1modra, ide\u00e9rtve a hirdet\u00e9seket \u00e9s az al\u00e1bb r\u00e9szletezett egy\u00e9b c\u00e9lokat.<\/p>\n\n\n\n<p>Az itt le\u00edrt c\u00e9lok k\u00f6z\u00fcl n\u00e9melyikhez adatokat is felhaszn\u00e1lunk. Az e c\u00e9lokra felhaszn\u00e1lt adatokat rendszereink automatikusan kezelik. Bizonyos esetekben ugyanakkor  haszn\u00e1lunk adataid el\u00e9r\u00e9s\u00e9re \u00e9s ellen\u0151rz\u00e9s\u00e9re.<\/p>\n\n\n\n<p>Annak \u00e9rdek\u00e9ben, hogy kevesebb olyan adatot haszn\u00e1ljunk, amely konkr\u00e9t felhaszn\u00e1l\u00f3hoz kapcsol\u00f3dik, bizonyos esetekben szem\u00e9lyazonos\u00edt\u00e1sra alkalmatlann\u00e1 tessz\u00fck az adatokat, illetve \u00f6sszes\u00edtj\u00fck vagy anonimiz\u00e1ljuk \u0151ket, hogy a tov\u00e1bbiakban ne azonos\u00edtsanak t\u00e9ged. Ezeket az adatokat ugyan\u00fagy haszn\u00e1ljuk, ahogyan a te adataidat is, a jelen szakaszban le\u00edrtaknak megfelel\u0151en.<\/p>\n\n\n\n<p>Az adataidat a k\u00f6vetkez\u0151 m\u00f3dokon haszn\u00e1ljuk:<\/p>\n\n\n\n<p>Term\u00e9keink biztos\u00edt\u00e1s\u00e1ra, szem\u00e9lyre szab\u00e1s\u00e1ra \u00e9s tov\u00e1bbfejleszt\u00e9s\u00e9re<\/p>\n\n\n\n<p>A rendelkez\u00e9sre \u00e1ll\u00f3 adatokat felhaszn\u00e1ljuk  biztos\u00edt\u00e1s\u00e1ra \u00e9s tov\u00e1bbfejleszt\u00e9s\u00e9re. Idetartozik a funkci\u00f3k, tartalmak \u00e9s p\u00e9ld\u00e1ul a t\u00f6rt\u00e9netek \u00e9s a hirdet\u00e9sek \u2013 szem\u00e9lyre szab\u00e1sa. Az \u00e1ltalad megadni k\u00edv\u00e1ntat felhaszn\u00e1ljuk ezekre a c\u00e9lokra, de arra nem, hogy hirdet\u00e9seket jelen\u00edts\u00fcnk meg neked.<\/p>\n\n\n\n<p>A biztons\u00e1g, a v\u00e9delem \u00e9s az integrit\u00e1s el\u0151seg\u00edt\u00e9s\u00e9re.<\/p>\n\n\n\n<p>Az \u00e1ltalunk gy\u0171jt\u00f6tt adatokat felhaszn\u00e1ljuk arra, hogy seg\u00edts\u00fcnk megv\u00e9deni az embereket az \u00e1rtalmas dolgokt\u00f3l, \u00e9s biztons\u00e1gos term\u00e9keket k\u00edn\u00e1ljunk.<\/p>\n\n\n\n<p>Sokan a term\u00e9keink haszn\u00e1lat\u00e1val m\u0171k\u00f6dtetik vagy n\u00e9pszer\u0171s\u00edtik v\u00e1llalkoz\u00e1sukat. Nekik seg\u00edt\u00fcnk m\u00e9rni, hogy milyen j\u00f3l m\u0171k\u00f6dnek a hirdet\u00e9seik \u00e9s m\u00e1s tartalmaik, term\u00e9keik, illetve szolg\u00e1ltat\u00e1saik.\nKommunik\u00e1ci\u00f3 veled.\nAz \u00e1ltalad megadott adatok, p\u00e9ld\u00e1ul a profilodban megadott el\u00e9rhet\u0151s\u00e9gi adatok seg\u00edts\u00e9g\u00e9vel kommunik\u00e1lunk veled.\nA k\u00f6zj\u00f3 \u00e9rdek\u00e9ben v\u00e9gzett kutat\u00e1sra \u00e9s innov\u00e1ci\u00f3ra.\nA rendelkez\u00e9s\u00fcnkre \u00e1ll\u00f3 adatokat, a kutat\u00f3kt\u00f3l sz\u00e1rmaz\u00f3 adatokat, valamint a nyilv\u00e1nosan el\u00e9rhet\u0151 forr\u00e1sokb\u00f3l, illetve szakmai \u00e9s nonprofit csoportokt\u00f3l sz\u00e1rmaz\u00f3 adathalmazokat felhaszn\u00e1ljuk arra, hogy kutat\u00e1sokat folytassunk \u00e9s t\u00e1mogassunk.<\/p>\n\n\n\n<p><strong>Hogyan osztjuk meg az adatokat harmadik felekkel?<\/strong><\/p>\n\n\n\n<p>Semmilyen adatodat nem adjuk el senkinek, \u00e9s soha nem is fogjuk. Azt is megk\u00f6vetelj\u00fck a \u00e9s m\u00e1s , hogy k\u00f6vess\u00e9k szab\u00e1lyainkat azzal kapcsolatban, hogyan haszn\u00e1lhatj\u00e1k \u00e9s nem haszn\u00e1lhatj\u00e1k, illetve tehetik k\u00f6zz\u00e9 az \u00e1ltalunk biztos\u00edtott adatokat.<\/p>\n\n\n\n<p><strong>Egy\u00e9b harmadik felek<\/strong><\/p>\n\n\n\n<p>Adatokat osztunk meg tov\u00e1bb\u00e1 egy\u00e9b  hivatalos megkeres\u00e9sekre val\u00f3 reag\u00e1l\u00e1s, a hat\u00e1lyos jogszab\u00e1lyok betart\u00e1sa vagy \u00e1rtalmas tev\u00e9kenys\u00e9gek megel\u0151z\u00e9se c\u00e9lj\u00e1b\u00f3l.<\/p>\n\n\n\n<p>Ha pedig a v\u00e1llalkoz\u00e1sunk r\u00e9szben vagy eg\u00e9sz\u00e9ben eladjuk vagy \u00e1truh\u00e1zzuk valaki m\u00e1sra, akkor e tranzakci\u00f3 keret\u00e9ben egyes esetekben \u00e1tadjuk az \u00faj tulajdonosnak az adataidat, de csak a t\u00f6rv\u00e9ny \u00e1ltal megengedettek szerint.<\/p>\n\n\n\n<p><strong>Hogyan tudod kezelni vagy t\u00f6r\u00f6lni az adataidat, illetve gyakorolni a jogaidat?<\/strong><\/p>\n\n\n\n<p>K\u00fcl\u00f6nb\u00f6z\u0151 eszk\u00f6z\u00f6ket k\u00edn\u00e1lunk az al\u00e1bbi adataid megtekint\u00e9s\u00e9re, kezel\u00e9s\u00e9re, let\u00f6lt\u00e9s\u00e9re \u00e9s t\u00f6rl\u00e9s\u00e9re. Adataidat tov\u00e1bb\u00e1 az \u00e1ltalad haszn\u00e1lt term\u00e9kek be\u00e1ll\u00edt\u00e1sai k\u00f6z\u00f6tt is kezelheted. A hat\u00e1lyos jogszab\u00e1lyok tov\u00e1bbi adatv\u00e9delmi jogokat is biztos\u00edthatnak sz\u00e1modra.<\/p>\n\n\n\n<p>A jogaid gyakorl\u00e1s\u00e1hoz keresd fel s\u00fag\u00f3k\u00f6zpontjainkat, kozossegioldalam.hu be\u00e1ll\u00edt\u00e1saidat, valamint a k\u00e9sz\u00fcl\u00e9ked be\u00e1ll\u00edt\u00e1sait.<\/p>\n\n\n\n<p><strong>Mennyi ideig \u0151rizz\u00fck meg az adataidat?<\/strong><\/p>\n\n\n\n<p>Az adatokat addig \u0151rizz\u00fck meg, am\u00edg term\u00e9keink biztos\u00edt\u00e1s\u00e1hoz, jogi k\u00f6telezetts\u00e9geink teljes\u00edt\u00e9s\u00e9hez, illetve \u00e9rdekeink vagy m\u00e1sok \u00e9rdekeinek v\u00e9delm\u00e9hez sz\u00fcks\u00e9g\u00fcnk van r\u00e1juk. Eseti alapon d\u00f6ntj\u00fck el, hogy mennyi ideig van sz\u00fcks\u00e9g\u00fcnk az adatokra. Az al\u00e1bbiakat vessz\u00fck figyelembe a d\u00f6nt\u00e9shez:<\/p>\n\n\n\n<p>Sz\u00fcks\u00e9g van-e r\u00e1juk term\u00e9keink m\u0171k\u00f6dtet\u00e9s\u00e9hez vagy biztos\u00edt\u00e1s\u00e1hoz. Meg kell \u0151rizn\u00fcnk p\u00e9ld\u00e1ul bizonyos adataidat a fi\u00f3kok karbantart\u00e1s\u00e1hoz.<\/p>\n\n\n\n<p>Az a funkci\u00f3, amelyhez haszn\u00e1ljuk, \u00e9s a funkci\u00f3 m\u0171k\u00f6d\u00e9se.<\/p>\n\n\n\n<p>Mennyi ideig kell meg\u0151rizn\u00fcnk az adatokat bizonyos jogi k\u00f6telezetts\u00e9gek teljes\u00edt\u00e9s\u00e9hez.<\/p>\n\n\n\n<p>Ha egy\u00e9b jogszer\u0171 c\u00e9lra sz\u00fcks\u00e9g\u00fcnk van r\u00e1juk, p\u00e9ld\u00e1ul k\u00e1r megel\u0151z\u00e9s\u00e9hez; felt\u00e9teleink \u00e9s szab\u00e1lyzataink potenci\u00e1lis megs\u00e9rt\u00e9s\u00e9nek kivizsg\u00e1l\u00e1s\u00e1hoz; a biztons\u00e1g, a v\u00e9delem \u00e9s az integrit\u00e1s el\u0151seg\u00edt\u00e9s\u00e9hez; vagy saj\u00e1t magunk, azon bel\u00fcl jogaink, tulajdonunk vagy term\u00e9keink v\u00e9delm\u00e9hez.<\/p>\n\n\n\n<p>M\u00e1s esetekben \u00e9s bizonyos c\u00e9lok fenn\u00e1ll\u00e1sa eset\u00e9n hosszabb ideig \u0151rizz\u00fck meg az adatokat arr\u00f3l, mikor \u0151rizhetj\u00fck meg az adataidat.<\/p>\n\n\n\n<p><strong>Hogyan reag\u00e1lunk a hivatalos megkeres\u00e9sekre, hogyan felel\u00fcnk meg a hat\u00e1lyos jogszab\u00e1lyoknak, \u00e9s hogyan el\u0151zz\u00fck meg a k\u00e1rokat?<\/strong><\/p>\n\n\n\n<p>Adataidat a k\u00f6vetkez\u0151 c\u00e9lokb\u00f3l \u00e9rj\u00fck el, \u0151rizz\u00fck meg, haszn\u00e1ljuk fel \u00e9s osztjuk meg:<\/p>\n\n\n\n<p>Hivatalos megkeres\u00e9sekre (pl. h\u00e1zkutat\u00e1si parancs, b\u00edr\u00f3s\u00e1gi v\u00e9gz\u00e9s, k\u00f6zl\u00e9sre k\u00f6telez\u0151 hat\u00e1rozat vagy id\u00e9z\u00e9s) val\u00f3 reag\u00e1l\u00e1sk\u00e9nt. Az ilyen megkeres\u00e9sek, p\u00e9ld\u00e1ul polg\u00e1ri peres felekt\u0151l, rendv\u00e9delmi szervekt\u0151l \u00e9s m\u00e1s hivatalos szervekt\u0151l \u00e9rkeznek  arr\u00f3l, mikor reag\u00e1lunk a hivatalos megkeres\u00e9sekre.<\/p>\n\n\n\n<p>A hat\u00e1lyos jogszab\u00e1lyoknak megfelel\u0151en.<\/p>\n\n\n\n<p>A felhaszn\u00e1l\u00f3i, munkat\u00e1rsai \u00e9s tulajdonai, valamint a k\u00f6z biztons\u00e1g\u00e1nak, v\u00e9delm\u00e9nek \u00e9s integrit\u00e1s\u00e1nak el\u0151seg\u00edt\u00e9se c\u00e9lj\u00e1b\u00f3l.<\/p>\n\n\n\n<p>Adataidat adott esetben hosszabb ideig is el\u00e9rhetj\u00fck vagy meg\u0151rizhetj\u00fck.<\/p>\n\n\n\n<p><strong>Honnan tudhatod, ha megv\u00e1ltozott a szab\u00e1lyzat?<\/strong><\/p>\n\n\n\n<p>\u00c9rtes\u00edt\u00fcnk t\u00e9ged, miel\u0151tt jelent\u0151s v\u00e1ltoztat\u00e1sokat hajtan\u00e1nk v\u00e9gre a jelen szab\u00e1lyzaton. Miel\u0151tt \u00fagy d\u00f6ntesz, hogy tov\u00e1bb haszn\u00e1lod term\u00e9keinket, lehet\u0151s\u00e9ged van \u00e1ttekinteni az \u00e1tdolgozott szab\u00e1lyzatot.<\/p>\n\n\n\n<p><strong>Hogyan tudsz az kozossegioldalam.hu fordulni k\u00e9rd\u00e9seiddel?<\/strong><\/p>\n\n\n\n<p>Ha k\u00e9rd\u00e9sed van a jelen szab\u00e1lyzatr\u00f3l, illetve k\u00e9rd\u00e9sed, panaszod vagy k\u00e9r\u00e9sed van az adataiddal kapcsolatban, vedd fel vel\u00fcnk a kapcsolatot az al\u00e1bbi el\u00e9rhet\u0151s\u00e9geken.<\/p>\n\n\n\n<p><strong>ugyfelszolgalat@kozossegioldalam.hu<\/strong><\/p>","protected":false},"excerpt":{"rendered":"<p>What is the Privacy Policy, and what does it cover? Effective Date: December 5, 2023 At kozossegioldalam.hu, we want you to know what data we collect, how we use and share it. Therefore, we recommend that you read our Privacy Policy. This way, you can use our platform in a way that suits you. In [&hellip;]<\/p>\n","protected":false},"author":91,"featured_media":0,"parent":0,"menu_order":0,"comment_status":"closed","ping_status":"open","template":"","meta":{"om_disable_all_campaigns":false,"_monsterinsights_skip_tracking":false,"_monsterinsights_sitenote_active":false,"_monsterinsights_sitenote_note":"","_monsterinsights_sitenote_category":0,"_uf_show_specific_survey":0,"_uf_disable_surveys":false,"footnotes":""},"class_list":["post-3","page","type-page","status-publish","hentry"],"aioseo_notices":[],"_links":{"self":[{"href":"https:\/\/kozossegioldalam.hu\/hu\/wp-json\/wp\/v2\/pages\/3","targetHints":{"allow":["GET"]}}],"collection":[{"href":"https:\/\/kozossegioldalam.hu\/hu\/wp-json\/wp\/v2\/pages"}],"about":[{"href":"https:\/\/kozossegioldalam.hu\/hu\/wp-json\/wp\/v2\/types\/page"}],"author":[{"embeddable":true,"href":"https:\/\/kozossegioldalam.hu\/hu\/wp-json\/wp\/v2\/users\/91"}],"replies":[{"embeddable":true,"href":"https:\/\/kozossegioldalam.hu\/hu\/wp-json\/wp\/v2\/comments?post=3"}],"version-history":[{"count":8,"href":"https:\/\/kozossegioldalam.hu\/hu\/wp-json\/wp\/v2\/pages\/3\/revisions"}],"predecessor-version":[{"id":3445,"href":"https:\/\/kozossegioldalam.hu\/hu\/wp-json\/wp\/v2\/pages\/3\/revisions\/3445"}],"wp:attachment":[{"href":"https:\/\/kozossegioldalam.hu\/hu\/wp-json\/wp\/v2\/media?parent=3"}],"curies":[{"name":"wp","href":"https:\/\/api.w.org\/{rel}","templated":true}]}}